{"id":7073,"date":"2022-10-04T11:27:08","date_gmt":"2022-10-04T09:27:08","guid":{"rendered":"https:\/\/chapterzero-france.com\/?post_type=event_listing&#038;p=7073"},"modified":"2022-10-04T12:06:53","modified_gmt":"2022-10-04T10:06:53","slug":"ambition-to-action-welcome-and-keynote-conversation-2-intervention-de-notre-marraine-angeles-garcia-poveda-au-global-summit-de-la-cgi","status":"publish","type":"event_listing","link":"https:\/\/chapterzero-france.com\/index.php\/evenement\/ambition-to-action-welcome-and-keynote-conversation-2-intervention-de-notre-marraine-angeles-garcia-poveda-au-global-summit-de-la-cgi\/","title":{"rendered":"Ambition to Action: welcome and keynote conversation 2 &#8211; Intervention de notre marraine Angeles Garcia-Poveda au Global Summit de la CGI"},"content":{"rendered":"\n<p><strong><a href=\"https:\/\/climate-governance.org\/\" target=\"_blank\" rel=\"noreferrer noopener\">La Climate Governance Initiative (CGI)<\/a><\/strong> organise cette ann\u00e9e le<a href=\"https:\/\/climate-governance.org\/events\/\"> <strong>Global Summit 2022 : Ambition to Action<\/strong><\/a>, un \u00e9v\u00e9nement virtuel de <strong>24h<\/strong> qui va couvrir le <strong>monde entier<\/strong> et qui rassemblera des administrateurs et intervenants \u00e9minents qui oeuvrent pour aller vers une <strong>gouvernance climatique efficace<\/strong>.<\/p>\n\n\n\n<p>L&#8217;\u00e9v\u00e9nement comprend des <strong>webinaires ainsi que des sessions interactives <\/strong>d\u00e9velopp\u00e9es et anim\u00e9es par le r\u00e9seau d&#8217;administrateurs non-ex\u00e9cutifs de la CGI. Ces sessions s&#8217;adressent aux <strong>membres de conseils d&#8217;administration et aux administrateurs<\/strong> du monde des affaires qui sont pr\u00eats \u00e0 passer \u00e0 la vitesse sup\u00e9rieure en mati\u00e8re de <strong>gouvernance climatique<\/strong>.<\/p>\n\n\n\n<p><\/p>\n\n\n\n<p><\/p>\n\n\n\n<p>Chapter Zero France a le plaisir de vous convier \u00e0 cette session le <strong>12 Octobre prochain de 9h \u00e0 9h45<\/strong> o\u00f9 <strong>notre marraine Angeles Garcia-Poveda lancera<\/strong> le <strong><a href=\"https:\/\/whova.com\/web\/Aou70YAmx4Jinrmevxl@PC4--3FgNHzOOLUp1O5hiOc=\/\">programme<\/a><\/strong> passionnant et vari\u00e9 de la journ\u00e9e qui suivra.<\/p>\n\n\n\n<p><\/p>\n","protected":false},"author":4,"featured_media":7074,"template":"","meta":{"advgb_blocks_editor_width":"","advgb_blocks_columns_visual_guide":"","_monsterinsights_skip_tracking":false,"_monsterinsights_sitenote_active":false,"_monsterinsights_sitenote_note":"","_monsterinsights_sitenote_category":0},"event_listing_category":[27],"event_listing_type":[69],"class_list":["post-7073","event_listing","type-event_listing","status-publish","has-post-thumbnail","hentry","event_listing_category-business-professional","event_listing_type-testimony-international"],"yoast_head":"<!-- This site is optimized with the Yoast SEO plugin v23.4 - https:\/\/yoast.com\/wordpress\/plugins\/seo\/ -->\n<title>Ambition to Action: welcome and keynote conversation 2 &#8211; Intervention de notre marraine Angeles Garcia-Poveda au Global Summit de la CGI - Chapter Zero France<\/title>\n<meta name=\"robots\" content=\"index, follow, max-snippet:-1, max-image-preview:large, max-video-preview:-1\" \/>\n<link rel=\"canonical\" href=\"https:\/\/chapterzero-france.com\/index.php\/evenement\/ambition-to-action-welcome-and-keynote-conversation-2-intervention-de-notre-marraine-angeles-garcia-poveda-au-global-summit-de-la-cgi\/\" \/>\n<meta property=\"og:locale\" content=\"fr_FR\" \/>\n<meta property=\"og:type\" content=\"article\" \/>\n<meta property=\"og:title\" content=\"Ambition to Action: welcome and keynote conversation 2 &#8211; Intervention de notre marraine Angeles Garcia-Poveda au Global Summit de la CGI - Chapter Zero France\" \/>\n<meta property=\"og:description\" content=\"La Climate Governance Initiative (CGI) organise cette ann\u00e9e le Global Summit 2022 : Ambition to Action, un \u00e9v\u00e9nement virtuel de 24h qui va couvrir le monde entier et qui rassemblera des administrateurs et intervenants \u00e9minents qui oeuvrent pour aller vers une gouvernance climatique efficace. L&#8217;\u00e9v\u00e9nement comprend des webinaires ainsi que&hellip;\" \/>\n<meta property=\"og:url\" content=\"https:\/\/chapterzero-france.com\/index.php\/evenement\/ambition-to-action-welcome-and-keynote-conversation-2-intervention-de-notre-marraine-angeles-garcia-poveda-au-global-summit-de-la-cgi\/\" \/>\n<meta property=\"og:site_name\" content=\"Chapter Zero France\" \/>\n<meta property=\"article:modified_time\" content=\"2022-10-04T10:06:53+00:00\" \/>\n<meta property=\"og:image\" content=\"https:\/\/chapterzero-france.com\/wp-content\/uploads\/2022\/10\/global-summit.png\" \/>\n\t<meta property=\"og:image:width\" content=\"1028\" \/>\n\t<meta property=\"og:image:height\" content=\"591\" \/>\n\t<meta property=\"og:image:type\" content=\"image\/png\" \/>\n<meta name=\"twitter:card\" content=\"summary_large_image\" \/>\n<meta name=\"twitter:label1\" content=\"Dur\u00e9e de lecture estim\u00e9e\" \/>\n\t<meta name=\"twitter:data1\" content=\"1 minute\" \/>\n<script type=\"application\/ld+json\" class=\"yoast-schema-graph\">{\"@context\":\"https:\/\/schema.org\",\"@graph\":[{\"@type\":\"WebPage\",\"@id\":\"https:\/\/chapterzero-france.com\/index.php\/evenement\/ambition-to-action-welcome-and-keynote-conversation-2-intervention-de-notre-marraine-angeles-garcia-poveda-au-global-summit-de-la-cgi\/\",\"url\":\"https:\/\/chapterzero-france.com\/index.php\/evenement\/ambition-to-action-welcome-and-keynote-conversation-2-intervention-de-notre-marraine-angeles-garcia-poveda-au-global-summit-de-la-cgi\/\",\"name\":\"Ambition to Action: welcome and keynote conversation 2 &#8211; Intervention de notre marraine Angeles Garcia-Poveda au Global Summit de la CGI - Chapter Zero France\",\"isPartOf\":{\"@id\":\"https:\/\/chapterzero-france.com\/#website\"},\"primaryImageOfPage\":{\"@id\":\"https:\/\/chapterzero-france.com\/index.php\/evenement\/ambition-to-action-welcome-and-keynote-conversation-2-intervention-de-notre-marraine-angeles-garcia-poveda-au-global-summit-de-la-cgi\/#primaryimage\"},\"image\":{\"@id\":\"https:\/\/chapterzero-france.com\/index.php\/evenement\/ambition-to-action-welcome-and-keynote-conversation-2-intervention-de-notre-marraine-angeles-garcia-poveda-au-global-summit-de-la-cgi\/#primaryimage\"},\"thumbnailUrl\":\"https:\/\/chapterzero-france.com\/wp-content\/uploads\/2022\/10\/global-summit.png\",\"datePublished\":\"2022-10-04T09:27:08+00:00\",\"dateModified\":\"2022-10-04T10:06:53+00:00\",\"breadcrumb\":{\"@id\":\"https:\/\/chapterzero-france.com\/index.php\/evenement\/ambition-to-action-welcome-and-keynote-conversation-2-intervention-de-notre-marraine-angeles-garcia-poveda-au-global-summit-de-la-cgi\/#breadcrumb\"},\"inLanguage\":\"fr-FR\",\"potentialAction\":[{\"@type\":\"ReadAction\",\"target\":[\"https:\/\/chapterzero-france.com\/index.php\/evenement\/ambition-to-action-welcome-and-keynote-conversation-2-intervention-de-notre-marraine-angeles-garcia-poveda-au-global-summit-de-la-cgi\/\"]}]},{\"@type\":\"ImageObject\",\"inLanguage\":\"fr-FR\",\"@id\":\"https:\/\/chapterzero-france.com\/index.php\/evenement\/ambition-to-action-welcome-and-keynote-conversation-2-intervention-de-notre-marraine-angeles-garcia-poveda-au-global-summit-de-la-cgi\/#primaryimage\",\"url\":\"https:\/\/chapterzero-france.com\/wp-content\/uploads\/2022\/10\/global-summit.png\",\"contentUrl\":\"https:\/\/chapterzero-france.com\/wp-content\/uploads\/2022\/10\/global-summit.png\",\"width\":1028,\"height\":591},{\"@type\":\"BreadcrumbList\",\"@id\":\"https:\/\/chapterzero-france.com\/index.php\/evenement\/ambition-to-action-welcome-and-keynote-conversation-2-intervention-de-notre-marraine-angeles-garcia-poveda-au-global-summit-de-la-cgi\/#breadcrumb\",\"itemListElement\":[{\"@type\":\"ListItem\",\"position\":1,\"name\":\"Accueil\",\"item\":\"https:\/\/chapterzero-france.com\/\"},{\"@type\":\"ListItem\",\"position\":2,\"name\":\"Ambition to Action: welcome and keynote conversation 2 &#8211; Intervention de notre marraine Angeles Garcia-Poveda au Global Summit de la CGI\"}]},{\"@type\":\"WebSite\",\"@id\":\"https:\/\/chapterzero-france.com\/#website\",\"url\":\"https:\/\/chapterzero-france.com\/\",\"name\":\"Chapter Zero France\",\"description\":\"Le Forum Climat des Administrateurs\",\"publisher\":{\"@id\":\"https:\/\/chapterzero-france.com\/#organization\"},\"potentialAction\":[{\"@type\":\"SearchAction\",\"target\":{\"@type\":\"EntryPoint\",\"urlTemplate\":\"https:\/\/chapterzero-france.com\/?s={search_term_string}\"},\"query-input\":{\"@type\":\"PropertyValueSpecification\",\"valueRequired\":true,\"valueName\":\"search_term_string\"}}],\"inLanguage\":\"fr-FR\"},{\"@type\":\"Organization\",\"@id\":\"https:\/\/chapterzero-france.com\/#organization\",\"name\":\"Chapter Zero France\",\"url\":\"https:\/\/chapterzero-france.com\/\",\"logo\":{\"@type\":\"ImageObject\",\"inLanguage\":\"fr-FR\",\"@id\":\"https:\/\/chapterzero-france.com\/#\/schema\/logo\/image\/\",\"url\":\"https:\/\/chapterzero-france.com\/wp-content\/uploads\/2020\/08\/ChapterZero_Logo_FranceForumClimat-e1598537853484.jpg\",\"contentUrl\":\"https:\/\/chapterzero-france.com\/wp-content\/uploads\/2020\/08\/ChapterZero_Logo_FranceForumClimat-e1598537853484.jpg\",\"width\":100,\"height\":38,\"caption\":\"Chapter Zero France\"},\"image\":{\"@id\":\"https:\/\/chapterzero-france.com\/#\/schema\/logo\/image\/\"}}]}<\/script>\n<!-- \/ Yoast SEO plugin. -->","yoast_head_json":{"title":"Ambition to Action: welcome and keynote conversation 2 &#8211; Intervention de notre marraine Angeles Garcia-Poveda au Global Summit de la CGI - Chapter Zero France","robots":{"index":"index","follow":"follow","max-snippet":"max-snippet:-1","max-image-preview":"max-image-preview:large","max-video-preview":"max-video-preview:-1"},"canonical":"https:\/\/chapterzero-france.com\/index.php\/evenement\/ambition-to-action-welcome-and-keynote-conversation-2-intervention-de-notre-marraine-angeles-garcia-poveda-au-global-summit-de-la-cgi\/","og_locale":"fr_FR","og_type":"article","og_title":"Ambition to Action: welcome and keynote conversation 2 &#8211; Intervention de notre marraine Angeles Garcia-Poveda au Global Summit de la CGI - Chapter Zero France","og_description":"La Climate Governance Initiative (CGI) organise cette ann\u00e9e le Global Summit 2022 : Ambition to Action, un \u00e9v\u00e9nement virtuel de 24h qui va couvrir le monde entier et qui rassemblera des administrateurs et intervenants \u00e9minents qui oeuvrent pour aller vers une gouvernance climatique efficace. L&#8217;\u00e9v\u00e9nement comprend des webinaires ainsi que&hellip;","og_url":"https:\/\/chapterzero-france.com\/index.php\/evenement\/ambition-to-action-welcome-and-keynote-conversation-2-intervention-de-notre-marraine-angeles-garcia-poveda-au-global-summit-de-la-cgi\/","og_site_name":"Chapter Zero France","article_modified_time":"2022-10-04T10:06:53+00:00","og_image":[{"width":1028,"height":591,"url":"https:\/\/chapterzero-france.com\/wp-content\/uploads\/2022\/10\/global-summit.png","type":"image\/png"}],"twitter_card":"summary_large_image","twitter_misc":{"Dur\u00e9e de lecture estim\u00e9e":"1 minute"},"schema":{"@context":"https:\/\/schema.org","@graph":[{"@type":"WebPage","@id":"https:\/\/chapterzero-france.com\/index.php\/evenement\/ambition-to-action-welcome-and-keynote-conversation-2-intervention-de-notre-marraine-angeles-garcia-poveda-au-global-summit-de-la-cgi\/","url":"https:\/\/chapterzero-france.com\/index.php\/evenement\/ambition-to-action-welcome-and-keynote-conversation-2-intervention-de-notre-marraine-angeles-garcia-poveda-au-global-summit-de-la-cgi\/","name":"Ambition to Action: welcome and keynote conversation 2 &#8211; Intervention de notre marraine Angeles Garcia-Poveda au Global Summit de la CGI - Chapter Zero France","isPartOf":{"@id":"https:\/\/chapterzero-france.com\/#website"},"primaryImageOfPage":{"@id":"https:\/\/chapterzero-france.com\/index.php\/evenement\/ambition-to-action-welcome-and-keynote-conversation-2-intervention-de-notre-marraine-angeles-garcia-poveda-au-global-summit-de-la-cgi\/#primaryimage"},"image":{"@id":"https:\/\/chapterzero-france.com\/index.php\/evenement\/ambition-to-action-welcome-and-keynote-conversation-2-intervention-de-notre-marraine-angeles-garcia-poveda-au-global-summit-de-la-cgi\/#primaryimage"},"thumbnailUrl":"https:\/\/chapterzero-france.com\/wp-content\/uploads\/2022\/10\/global-summit.png","datePublished":"2022-10-04T09:27:08+00:00","dateModified":"2022-10-04T10:06:53+00:00","breadcrumb":{"@id":"https:\/\/chapterzero-france.com\/index.php\/evenement\/ambition-to-action-welcome-and-keynote-conversation-2-intervention-de-notre-marraine-angeles-garcia-poveda-au-global-summit-de-la-cgi\/#breadcrumb"},"inLanguage":"fr-FR","potentialAction":[{"@type":"ReadAction","target":["https:\/\/chapterzero-france.com\/index.php\/evenement\/ambition-to-action-welcome-and-keynote-conversation-2-intervention-de-notre-marraine-angeles-garcia-poveda-au-global-summit-de-la-cgi\/"]}]},{"@type":"ImageObject","inLanguage":"fr-FR","@id":"https:\/\/chapterzero-france.com\/index.php\/evenement\/ambition-to-action-welcome-and-keynote-conversation-2-intervention-de-notre-marraine-angeles-garcia-poveda-au-global-summit-de-la-cgi\/#primaryimage","url":"https:\/\/chapterzero-france.com\/wp-content\/uploads\/2022\/10\/global-summit.png","contentUrl":"https:\/\/chapterzero-france.com\/wp-content\/uploads\/2022\/10\/global-summit.png","width":1028,"height":591},{"@type":"BreadcrumbList","@id":"https:\/\/chapterzero-france.com\/index.php\/evenement\/ambition-to-action-welcome-and-keynote-conversation-2-intervention-de-notre-marraine-angeles-garcia-poveda-au-global-summit-de-la-cgi\/#breadcrumb","itemListElement":[{"@type":"ListItem","position":1,"name":"Accueil","item":"https:\/\/chapterzero-france.com\/"},{"@type":"ListItem","position":2,"name":"Ambition to Action: welcome and keynote conversation 2 &#8211; Intervention de notre marraine Angeles Garcia-Poveda au Global Summit de la CGI"}]},{"@type":"WebSite","@id":"https:\/\/chapterzero-france.com\/#website","url":"https:\/\/chapterzero-france.com\/","name":"Chapter Zero France","description":"Le Forum Climat des Administrateurs","publisher":{"@id":"https:\/\/chapterzero-france.com\/#organization"},"potentialAction":[{"@type":"SearchAction","target":{"@type":"EntryPoint","urlTemplate":"https:\/\/chapterzero-france.com\/?s={search_term_string}"},"query-input":{"@type":"PropertyValueSpecification","valueRequired":true,"valueName":"search_term_string"}}],"inLanguage":"fr-FR"},{"@type":"Organization","@id":"https:\/\/chapterzero-france.com\/#organization","name":"Chapter Zero France","url":"https:\/\/chapterzero-france.com\/","logo":{"@type":"ImageObject","inLanguage":"fr-FR","@id":"https:\/\/chapterzero-france.com\/#\/schema\/logo\/image\/","url":"https:\/\/chapterzero-france.com\/wp-content\/uploads\/2020\/08\/ChapterZero_Logo_FranceForumClimat-e1598537853484.jpg","contentUrl":"https:\/\/chapterzero-france.com\/wp-content\/uploads\/2020\/08\/ChapterZero_Logo_FranceForumClimat-e1598537853484.jpg","width":100,"height":38,"caption":"Chapter Zero France"},"image":{"@id":"https:\/\/chapterzero-france.com\/#\/schema\/logo\/image\/"}}]}},"featured_img":"https:\/\/chapterzero-france.com\/wp-content\/uploads\/2022\/10\/global-summit.png","coauthors":[],"author_meta":{"author_link":"https:\/\/chapterzero-france.com\/index.php\/author\/czfr\/","display_name":"CZFR"},"relative_dates":{"created":"Publi\u00e9 4 ans il y a","modified":"Mis \u00e0 jour 4 ans il y a"},"absolute_dates":{"created":"Publi\u00e9 le 4 octobre 2022","modified":"Mise \u00e0 jour le 4 octobre 2022"},"absolute_dates_time":{"created":"Publi\u00e9 le 4 octobre 2022 11 h 27 min","modified":"Mise \u00e0 jour le 4 octobre 2022 12 h 06 min"},"featured_img_caption":"","tax_additional":{"event_listing_category":{"linked":["<a href=\"https:\/\/chapterzero-france.com\/index.php\/event_listing_category\/business-professional\/\" class=\"advgb-post-tax-term\">Business &amp; Professional<\/a>"],"unlinked":["<span class=\"advgb-post-tax-term\">Business &amp; Professional<\/span>"],"slug":"event_listing_category","name":"Cat\u00e9gories d\u2019\u00e9v\u00e8nement"},"event_listing_type":{"linked":["<a href=\"https:\/\/chapterzero-france.com\/index.php\/event_listing_type\/testimony-international\/\" class=\"advgb-post-tax-term\">Testimony - International<\/a>"],"unlinked":["<span class=\"advgb-post-tax-term\">Testimony - International<\/span>"],"slug":"event_listing_type","name":"Types d\u2019\u00e9v\u00e8nements"}},"series_order":"","_links":{"self":[{"href":"https:\/\/chapterzero-france.com\/index.php\/wp-json\/wp\/v2\/event_listing\/7073","targetHints":{"allow":["GET"]}}],"collection":[{"href":"https:\/\/chapterzero-france.com\/index.php\/wp-json\/wp\/v2\/event_listing"}],"about":[{"href":"https:\/\/chapterzero-france.com\/index.php\/wp-json\/wp\/v2\/types\/event_listing"}],"wp:featuredmedia":[{"embeddable":true,"href":"https:\/\/chapterzero-france.com\/index.php\/wp-json\/wp\/v2\/media\/7074"}],"wp:attachment":[{"href":"https:\/\/chapterzero-france.com\/index.php\/wp-json\/wp\/v2\/media?parent=7073"}],"wp:term":[{"taxonomy":"event_listing_category","embeddable":true,"href":"https:\/\/chapterzero-france.com\/index.php\/wp-json\/wp\/v2\/event_listing_category?post=7073"},{"taxonomy":"event_listing_type","embeddable":true,"href":"https:\/\/chapterzero-france.com\/index.php\/wp-json\/wp\/v2\/event_listing_type?post=7073"}],"curies":[{"name":"wp","href":"https:\/\/api.w.org\/{rel}","templated":true}]}}